{"id":78,"date":"2025-12-01T15:48:48","date_gmt":"2025-12-01T15:48:48","guid":{"rendered":"https:\/\/cms2515.commu.isfsc.be\/?page_id=78"},"modified":"2025-12-29T16:54:19","modified_gmt":"2025-12-29T16:54:19","slug":"portfolio","status":"publish","type":"page","link":"https:\/\/cms2515.commu.isfsc.be\/index.php\/portfolio\/","title":{"rendered":"Portfolio"},"content":{"rendered":"<p>[et_pb_section fb_built=\u00a0\u00bb1&Prime; admin_label=\u00a0\u00bbProjects\u00a0\u00bb _builder_version=\u00a0\u00bb4.27.4&Prime; _module_preset=\u00a0\u00bbdefault\u00a0\u00bb locked=\u00a0\u00bboff\u00a0\u00bb collapsed=\u00a0\u00bbon\u00a0\u00bb global_colors_info=\u00a0\u00bb{}\u00a0\u00bb][et_pb_row _builder_version=\u00a0\u00bb4.27.4&Prime; _module_preset=\u00a0\u00bbdefault\u00a0\u00bb hover_enabled=\u00a0\u00bb0&Prime; global_colors_info=\u00a0\u00bb{}\u00a0\u00bb sticky_enabled=\u00a0\u00bb0&Prime;][et_pb_column type=\u00a0\u00bb4_4&Prime; _builder_version=\u00a0\u00bb4.27.4&Prime; _module_preset=\u00a0\u00bbdefault\u00a0\u00bb global_colors_info=\u00a0\u00bb{}\u00a0\u00bb][et_pb_text _builder_version=\u00a0\u00bb4.27.5&Prime; _module_preset=\u00a0\u00bbdefault\u00a0\u00bb text_font=\u00a0\u00bbCormorant Garamond|700|||||||\u00a0\u00bb text_font_size=\u00a0\u00bb66px\u00a0\u00bb hover_enabled=\u00a0\u00bb0&Prime; global_colors_info=\u00a0\u00bb{}\u00a0\u00bb text_line_height=\u00a0\u00bb1.8em\u00a0\u00bb sticky_enabled=\u00a0\u00bb0&Prime;]<\/p>\n<p>Bister c&rsquo;est d&rsquo;la Bombe<\/p>\n<p>[\/et_pb_text][\/et_pb_column][\/et_pb_row][et_pb_row column_structure=\u00a0\u00bb1_2,1_2&Prime; _builder_version=\u00a0\u00bb4.27.4&Prime; _module_preset=\u00a0\u00bbdefault\u00a0\u00bb custom_padding=\u00a0\u00bb76px|||||\u00a0\u00bb global_colors_info=\u00a0\u00bb{}\u00a0\u00bb][et_pb_column type=\u00a0\u00bb1_2&Prime; _builder_version=\u00a0\u00bb4.27.4&Prime; _module_preset=\u00a0\u00bbdefault\u00a0\u00bb global_colors_info=\u00a0\u00bb{}\u00a0\u00bb][et_pb_text _builder_version=\u00a0\u00bb4.27.4&Prime; _module_preset=\u00a0\u00bbdefault\u00a0\u00bb text_font=\u00a0\u00bbCormorant Garamond|700|||||||\u00a0\u00bb text_font_size=\u00a0\u00bb35px\u00a0\u00bb global_colors_info=\u00a0\u00bb{}\u00a0\u00bb]Bister[\/et_pb_text][et_pb_text _builder_version=\u00a0\u00bb4.27.4&Prime; _module_preset=\u00a0\u00bbdefault\u00a0\u00bb text_font=\u00a0\u00bbCormorant Garamond||||||||\u00a0\u00bb text_font_size=\u00a0\u00bb17px\u00a0\u00bb global_colors_info=\u00a0\u00bb{}\u00a0\u00bb]Qualit\u00e9, tradition, famille et belgitude\u2026 Depuis 1926, ils portent fi\u00e8rement leurs valeurs qui ont contribu\u00e9 \u00e0 b\u00e2tir la r\u00e9putation de Bister. T\u00e9moin d\u2019un savoir-faire transmis \u00e0 travers les g\u00e9n\u00e9rations, leur gamme de moutardes, sauces et piccalillis est solidement ancr\u00e9e dans le paysage culinaire et culturel belge\u2026 et dans le frigo de tous les gourmands.[\/et_pb_text][et_pb_text _builder_version=\u00a0\u00bb4.27.4&Prime; _module_preset=\u00a0\u00bbdefault\u00a0\u00bb text_font=\u00a0\u00bbCormorant Garamond||||||||\u00a0\u00bb text_font_size=\u00a0\u00bb17px\u00a0\u00bb global_colors_info=\u00a0\u00bb{}\u00a0\u00bb]Men\u00e9e par un produit phare, la moutarde l\u2019Imp\u00e9riale, leur \u00e9pop\u00e9e gastronomique d\u00e9marr\u00e9e en 1926 se poursuit et se diversifie jour apr\u00e8s jour, alliant h\u00e9ritage et innovation, \u00e9motions douces et saveurs audacieuses.[\/et_pb_text][et_pb_text _builder_version=\u00a0\u00bb4.27.4&Prime; _module_preset=\u00a0\u00bbdefault\u00a0\u00bb text_font=\u00a0\u00bbCormorant Garamond||||||||\u00a0\u00bb text_font_size=\u00a0\u00bb17px\u00a0\u00bb global_colors_info=\u00a0\u00bb{}\u00a0\u00bb]Leur catalogue compte aujourd\u2019hui 19 sauces et moutardes, toutes fabriqu\u00e9es en Belgique et dont 5 sont enti\u00e8rement BIO. Les d\u00e9guster, les associer, les cuisiner, c\u2019est faire honneur \u00e0 ce fameux \u00ab\u2009go\u00fbt belge\u2009\u00bb qui ravit petits et grands depuis pr\u00e8s de cent ans.[\/et_pb_text][et_pb_text _builder_version=\u00a0\u00bb4.27.4&Prime; _module_preset=\u00a0\u00bbdefault\u00a0\u00bb text_font=\u00a0\u00bbCormorant Garamond||||||||\u00a0\u00bb text_font_size=\u00a0\u00bb17px\u00a0\u00bb global_colors_info=\u00a0\u00bb{}\u00a0\u00bb]Toujours pr\u00e9sent\u00e9es dans cet iconique pot en forme de grenade, leurs sauces et moutardes Bister sont des invit\u00e9s aux multiples facettes qu\u2019aucune famille belge n\u2019oublie de convier \u00e0 la f\u00eate. [\/et_pb_text][et_pb_text _builder_version=\u00a0\u00bb4.27.4&Prime; _module_preset=\u00a0\u00bbdefault\u00a0\u00bb text_font=\u00a0\u00bbCormorant Garamond|700|||||||\u00a0\u00bb text_font_size=\u00a0\u00bb35px\u00a0\u00bb global_colors_info=\u00a0\u00bb{}\u00a0\u00bb]Des valeurs et des saveurs[\/et_pb_text][et_pb_text _builder_version=\u00a0\u00bb4.27.4&Prime; _module_preset=\u00a0\u00bbdefault\u00a0\u00bb text_font=\u00a0\u00bbCormorant Garamond|700|||||||\u00a0\u00bb text_font_size=\u00a0\u00bb30px\u00a0\u00bb global_colors_info=\u00a0\u00bb{}\u00a0\u00bb]Ingr\u00e9dients de qualit\u00e9 [\/et_pb_text][et_pb_text _builder_version=\u00a0\u00bb4.27.4&Prime; _module_preset=\u00a0\u00bbdefault\u00a0\u00bb text_font=\u00a0\u00bbCormorant Garamond||||||||\u00a0\u00bb text_font_size=\u00a0\u00bb17px\u00a0\u00bb global_colors_info=\u00a0\u00bb{}\u00a0\u00bb]Bister attache la plus grande attention a\u0300 la qualit\u00e9 et la provenance de ses produits : ses ingr\u00e9dients sont donc contr\u00f4l\u00e9s en permanence afin de garantir votre s\u00e9curit\u00e9 alimentaire. V\u00e9rifiez par vous-m\u00eame : bio ou non, leurs sauces et moutardes ne contiennent que les ingr\u00e9dients n\u00e9cessaires afin de d\u00e9livrer ces saveurs que vous aimez tant.[\/et_pb_text][et_pb_text _builder_version=\u00a0\u00bb4.27.4&Prime; _module_preset=\u00a0\u00bbdefault\u00a0\u00bb text_font=\u00a0\u00bbCormorant Garamond|700|||||||\u00a0\u00bb text_font_size=\u00a0\u00bb30px\u00a0\u00bb global_colors_info=\u00a0\u00bb{}\u00a0\u00bb]Recettes traditionnelles [\/et_pb_text][et_pb_text _builder_version=\u00a0\u00bb4.27.4&Prime; _module_preset=\u00a0\u00bbdefault\u00a0\u00bb text_font=\u00a0\u00bbCormorant Garamond||||||||\u00a0\u00bb text_font_size=\u00a0\u00bb17px\u00a0\u00bb global_colors_info=\u00a0\u00bb{}\u00a0\u00bb]D\u00e8s le d\u00e9but de son histoire, Bister a su cr\u00e9er une signature gustative propre qui s\u2019est taill\u00e9 une place dans la cuisine de tous les gourmets. Ce go\u00fbt inimitable et authentique n\u2019a pas pris une ride\u2009! La raison\u2009? Des recettes scrupuleusement respect\u00e9es selon un savoir-faire ancestral, une expertise dont nos artisans et cuisiniers sont les fiers h\u00e9ritiers.[\/et_pb_text][et_pb_text _builder_version=\u00a0\u00bb4.27.4&Prime; _module_preset=\u00a0\u00bbdefault\u00a0\u00bb text_font=\u00a0\u00bbCormorant Garamond|700|||||||\u00a0\u00bb text_font_size=\u00a0\u00bb30px\u00a0\u00bb global_colors_info=\u00a0\u00bb{}\u00a0\u00bb]Esprit de famille[\/et_pb_text][et_pb_text _builder_version=\u00a0\u00bb4.27.4&Prime; _module_preset=\u00a0\u00bbdefault\u00a0\u00bb text_font=\u00a0\u00bbCormorant Garamond||||||||\u00a0\u00bb text_font_size=\u00a0\u00bb17px\u00a0\u00bb global_colors_info=\u00a0\u00bb{}\u00a0\u00bb]Que ce soit l\u2019origine du nom, la taille de l\u2019entreprise, l\u2019utilisation de leurs produits dans les recettes transmises de g\u00e9n\u00e9ration en g\u00e9n\u00e9ration ou les bons souvenirs qui y sont associ\u00e9s, la notion de famille et les valeurs qu\u2019elle d\u00e9gage sont au c\u0153ur de leur activit\u00e9. Convivialit\u00e9, moments de partage et fid\u00e9lit\u00e9, voil\u00e0 qui contribue \u00e0 leur authenticit\u00e9.[\/et_pb_text][et_pb_text _builder_version=\u00a0\u00bb4.27.4&Prime; _module_preset=\u00a0\u00bbdefault\u00a0\u00bb text_font=\u00a0\u00bbCormorant Garamond|700|||||||\u00a0\u00bb text_font_size=\u00a0\u00bb30px\u00a0\u00bb global_colors_info=\u00a0\u00bb{}\u00a0\u00bb]Le go\u00fbt Belge[\/et_pb_text][et_pb_text _builder_version=\u00a0\u00bb4.27.4&Prime; _module_preset=\u00a0\u00bbdefault\u00a0\u00bb text_font=\u00a0\u00bbCormorant Garamond||||||||\u00a0\u00bb text_font_size=\u00a0\u00bb17px\u00a0\u00bb global_colors_info=\u00a0\u00bb{}\u00a0\u00bb]Pensez moutarde, mayonnaise ou piccalilli. Ce qui vous vient en bouche, c\u2019est bien ce fameux \u201cgo\u00fbt belge\u201d d\u00e9fendu par Bister. Des saveurs venues de l\u2019enfance, des recettes inchang\u00e9es et des pots pr\u00eats \u00e0 \u00eatre d\u00e9goupill\u00e9s. Que ce soit pour relever leurs plats populaires, leurs vinaigrettes sur le pouce ou leurs ap\u00e9ros prolong\u00e9s, il incarne \u00e0 la perfection une mani\u00e8re de vivre, avec gourmandise et simplicit\u00e9. Bref : \u00e0 la belge.[\/et_pb_text][et_pb_text _builder_version=\u00a0\u00bb4.27.4&Prime; _module_preset=\u00a0\u00bbdefault\u00a0\u00bb text_font=\u00a0\u00bbCormorant Garamond|700|||||||\u00a0\u00bb text_font_size=\u00a0\u00bb30px\u00a0\u00bb global_colors_info=\u00a0\u00bb{}\u00a0\u00bb]Le pot en forme de grenade[\/et_pb_text][et_pb_text _builder_version=\u00a0\u00bb4.27.4&Prime; _module_preset=\u00a0\u00bbdefault\u00a0\u00bb text_font=\u00a0\u00bbCormorant Garamond||||||||\u00a0\u00bb text_font_size=\u00a0\u00bb17px\u00a0\u00bb global_colors_info=\u00a0\u00bb{}\u00a0\u00bb]Bister garde son pot l\u00e9gendaire depuis des ann\u00e9es pour rester dans l\u2019esprit de la forme de la grenade. [\/et_pb_text][\/et_pb_column][et_pb_column type=\u00a0\u00bb1_2&Prime; _builder_version=\u00a0\u00bb4.27.4&Prime; _module_preset=\u00a0\u00bbdefault\u00a0\u00bb global_colors_info=\u00a0\u00bb{}\u00a0\u00bb][et_pb_text _builder_version=\u00a0\u00bb4.27.4&Prime; _module_preset=\u00a0\u00bbdefault\u00a0\u00bb text_font=\u00a0\u00bbCormorant Garamond|700|||||||\u00a0\u00bb text_font_size=\u00a0\u00bb35px\u00a0\u00bb global_colors_info=\u00a0\u00bb{}\u00a0\u00bb]Concept [\/et_pb_text][et_pb_text _builder_version=\u00a0\u00bb4.27.4&Prime; _module_preset=\u00a0\u00bbdefault\u00a0\u00bb text_font=\u00a0\u00bbCormorant Garamond||||||||\u00a0\u00bb text_font_size=\u00a0\u00bb17px\u00a0\u00bb global_colors_info=\u00a0\u00bb{}\u00a0\u00bb]Le concept \u00ab Bister, c\u2019est de la bombe \u00bb joue sur l\u2019id\u00e9e que les sauces Bister sont une vraie explosion de go\u00fbt. La forme unique du pot de Bister: la grenade, est une bombe de saveurs et de couleurs.  Le ton est authentique et complice. On garde la fiert\u00e9 locale et la qualit\u00e9 artisanale, mais on d\u00e9poussi\u00e8re l\u2019image de la marque avec des visuels dynamiques pour toucher une g\u00e9n\u00e9ration qui aime le local, mais veut que ce soit vivant et inspirant.[\/et_pb_text][et_pb_text _builder_version=\u00a0\u00bb4.27.4&Prime; _module_preset=\u00a0\u00bbdefault\u00a0\u00bb text_font=\u00a0\u00bbCormorant Garamond|700|||||||\u00a0\u00bb text_font_size=\u00a0\u00bb35px\u00a0\u00bb global_colors_info=\u00a0\u00bb{}\u00a0\u00bb]Affiche[\/et_pb_text][et_pb_image src=\u00a0\u00bbhttps:\/\/cms2515.commu.isfsc.be\/wp-content\/uploads\/2025\/12\/affiche-sayitloud-scaled.jpg\u00a0\u00bb title_text=\u00a0\u00bbaffiche-sayitloud\u00a0\u00bb _builder_version=\u00a0\u00bb4.27.4&Prime; _module_preset=\u00a0\u00bbdefault\u00a0\u00bb global_colors_info=\u00a0\u00bb{}\u00a0\u00bb][\/et_pb_image][et_pb_text _builder_version=\u00a0\u00bb4.27.4&Prime; _module_preset=\u00a0\u00bbdefault\u00a0\u00bb text_font=\u00a0\u00bbCormorant Garamond|700|||||||\u00a0\u00bb text_font_size=\u00a0\u00bb35px\u00a0\u00bb global_colors_info=\u00a0\u00bb{}\u00a0\u00bb]Objectif[\/et_pb_text][et_pb_text _builder_version=\u00a0\u00bb4.27.4&Prime; _module_preset=\u00a0\u00bbdefault\u00a0\u00bb text_font=\u00a0\u00bbCormorant Garamond||||||||\u00a0\u00bb text_font_size=\u00a0\u00bb17px\u00a0\u00bb global_colors_info=\u00a0\u00bb{}\u00a0\u00bb]L&rsquo;objectif est de parler \u00e0 une g\u00e9n\u00e9ration qui aime le local, mais veut que ce soit vivant et inspirant. Faire connaitre et donner envie d&rsquo;acheter les sauces de bister, augmenter la notori\u00e9t\u00e9 de la marque et moderniser son image aupr\u00e8s des consommateurs, notamment les plus jeunes.[\/et_pb_text][et_pb_text _builder_version=\u00a0\u00bb4.27.4&Prime; _module_preset=\u00a0\u00bbdefault\u00a0\u00bb text_font=\u00a0\u00bbCormorant Garamond|700|||||||\u00a0\u00bb text_font_size=\u00a0\u00bb35px\u00a0\u00bb global_colors_info=\u00a0\u00bb{}\u00a0\u00bb]Explosion[\/et_pb_text][et_pb_text _builder_version=\u00a0\u00bb4.27.4&Prime; _module_preset=\u00a0\u00bbdefault\u00a0\u00bb text_font=\u00a0\u00bbCormorant Garamond||||||||\u00a0\u00bb text_font_size=\u00a0\u00bb17px\u00a0\u00bb global_colors_info=\u00a0\u00bb{}\u00a0\u00bb]Un exemple de campagne visuel qui met en sc\u00e8ne le pot de sauce tartare coulant du capuchon suite \u00e0 une explosion.[\/et_pb_text][et_pb_gallery gallery_ids=\u00a0\u00bb270,269,268&Prime; posts_number=\u00a0\u00bb3&Prime; show_title_and_caption=\u00a0\u00bboff\u00a0\u00bb _builder_version=\u00a0\u00bb4.27.4&Prime; _module_preset=\u00a0\u00bbdefault\u00a0\u00bb global_colors_info=\u00a0\u00bb{}\u00a0\u00bb][\/et_pb_gallery][et_pb_gallery gallery_ids=\u00a0\u00bb267,266,265&Prime; posts_number=\u00a0\u00bb3&Prime; _builder_version=\u00a0\u00bb4.27.4&Prime; _module_preset=\u00a0\u00bbdefault\u00a0\u00bb global_colors_info=\u00a0\u00bb{}\u00a0\u00bb][\/et_pb_gallery][\/et_pb_column][\/et_pb_row][\/et_pb_section][et_pb_section fb_built=\u00a0\u00bb1&Prime; _builder_version=\u00a0\u00bb4.27.4&Prime; _module_preset=\u00a0\u00bbdefault\u00a0\u00bb global_colors_info=\u00a0\u00bb{}\u00a0\u00bb][et_pb_row _builder_version=\u00a0\u00bb4.27.4&Prime; _module_preset=\u00a0\u00bbdefault\u00a0\u00bb global_colors_info=\u00a0\u00bb{}\u00a0\u00bb][et_pb_column type=\u00a0\u00bb4_4&Prime; _builder_version=\u00a0\u00bb4.27.4&Prime; _module_preset=\u00a0\u00bbdefault\u00a0\u00bb global_colors_info=\u00a0\u00bb{}\u00a0\u00bb][et_pb_text _builder_version=\u00a0\u00bb4.27.5&Prime; _module_preset=\u00a0\u00bbdefault\u00a0\u00bb text_font=\u00a0\u00bbCormorant Garamond|&#8211;et_global_heading_font_weight|||||||\u00a0\u00bb text_font_size=\u00a0\u00bb71px\u00a0\u00bb hover_enabled=\u00a0\u00bb0&Prime; global_colors_info=\u00a0\u00bb{}\u00a0\u00bb text_line_height=\u00a0\u00bb1.8em\u00a0\u00bb sticky_enabled=\u00a0\u00bb0&Prime;]<\/p>\n<p>Ferme du chaudron<\/p>\n<p>[\/et_pb_text][\/et_pb_column][\/et_pb_row][\/et_pb_section][et_pb_section fb_built=\u00a0\u00bb1&Prime; _builder_version=\u00a0\u00bb4.27.4&Prime; _module_preset=\u00a0\u00bbdefault\u00a0\u00bb global_colors_info=\u00a0\u00bb{}\u00a0\u00bb][et_pb_row column_structure=\u00a0\u00bb2_5,3_5&Prime; _builder_version=\u00a0\u00bb4.27.4&Prime; _module_preset=\u00a0\u00bbdefault\u00a0\u00bb global_colors_info=\u00a0\u00bb{}\u00a0\u00bb][et_pb_column type=\u00a0\u00bb2_5&Prime; _builder_version=\u00a0\u00bb4.27.4&Prime; _module_preset=\u00a0\u00bbdefault\u00a0\u00bb global_colors_info=\u00a0\u00bb{}\u00a0\u00bb][et_pb_text _builder_version=\u00a0\u00bb4.27.4&Prime; _module_preset=\u00a0\u00bbdefault\u00a0\u00bb text_font=\u00a0\u00bbCormorant Garamond|700|||||||\u00a0\u00bb text_font_size=\u00a0\u00bb26px\u00a0\u00bb global_colors_info=\u00a0\u00bb{}\u00a0\u00bb]La ferme du chaudron<br \/>\nMaison de la souverainet\u00e9 alimentaire[\/et_pb_text][et_pb_text _builder_version=\u00a0\u00bb4.27.4&Prime; _module_preset=\u00a0\u00bbdefault\u00a0\u00bb text_font=\u00a0\u00bbCormorant Garamond||||||||\u00a0\u00bb text_font_size=\u00a0\u00bb17px\u00a0\u00bb global_colors_info=\u00a0\u00bb{}\u00a0\u00bb]<\/p>\n<p>\u201cEn juillet 2021, les ASBL DoucheFLUX, Happy Farm, le Champ du Chaudron et les Gastrosophes, ont remport\u00e9 un march\u00e9 public de Bruxelles Environnement visant l\u2019exploitation de la Ferme du Chaudron \u00e0 Neerpede pour une dur\u00e9e de 10 ans (2024-2034).<\/p>\n<p>La Ferme du Chaudron poursuit une mission transversale, n\u00e9cessaire et ambitieuse : soutenir le droit \u00e0 la souverainet\u00e9 alimentaire des urbain.e.s, \u00e0 commencer par les Anderlechtois.es, en particulier les plus pr\u00e9caris\u00e9.e.s.<\/p>\n<p>Elle a vocation \u00e0 \u00eatre la Maison de la Souverainet\u00e9 Alimentaire de l\u2019ouest bruxellois, un tiers-lieu nourricier, convivial, ouvert \u00e0 tous et toutes autour du manger bien et local, faisant vivre concr\u00e8tement la d\u00e9mocratie alimentaire sur le territoire proche.<\/p>\n<p>La Ferme se veut \u00e9galement un outil au service des producteurs.trices agricoles et agroalimentaires locaux.ales qui veulent jouer un r\u00f4le dans les solutions de demain.\u201d<\/p>\n<p>[\/et_pb_text][et_pb_text _builder_version=\u00a0\u00bb4.27.4&Prime; _module_preset=\u00a0\u00bbdefault\u00a0\u00bb text_font=\u00a0\u00bbCormorant Garamond|700|||||||\u00a0\u00bb text_font_size=\u00a0\u00bb30px\u00a0\u00bb global_colors_info=\u00a0\u00bb{}\u00a0\u00bb]logo cr\u00e9e[\/et_pb_text][et_pb_image src=\u00a0\u00bbhttps:\/\/cms2515.commu.isfsc.be\/wp-content\/uploads\/2025\/12\/FdC-Logo_Clair-scaled.png\u00a0\u00bb title_text=\u00a0\u00bbFdC-Logo_Clair\u00a0\u00bb _builder_version=\u00a0\u00bb4.27.4&Prime; _module_preset=\u00a0\u00bbdefault\u00a0\u00bb global_colors_info=\u00a0\u00bb{}\u00a0\u00bb][\/et_pb_image][\/et_pb_column][et_pb_column type=\u00a0\u00bb3_5&Prime; _builder_version=\u00a0\u00bb4.27.4&Prime; _module_preset=\u00a0\u00bbdefault\u00a0\u00bb global_colors_info=\u00a0\u00bb{}\u00a0\u00bb][et_pb_text _builder_version=\u00a0\u00bb4.27.4&Prime; _module_preset=\u00a0\u00bbdefault\u00a0\u00bb text_font=\u00a0\u00bbCormorant Garamond|700|||||||\u00a0\u00bb text_font_size=\u00a0\u00bb35px\u00a0\u00bb global_colors_info=\u00a0\u00bb{}\u00a0\u00bb]<\/p>\n<p>Contexte &amp; Sympt\u00f4mes<\/p>\n<p>[\/et_pb_text][et_pb_text _builder_version=\u00a0\u00bb4.27.4&Prime; _module_preset=\u00a0\u00bbdefault\u00a0\u00bb text_font=\u00a0\u00bbCormorant Garamond||||||||\u00a0\u00bb text_font_size=\u00a0\u00bb17px\u00a0\u00bb global_colors_info=\u00a0\u00bb{}\u00a0\u00bb]Pour ce projet pluriel, La ferme du chaudron a fait appel \u00e0 Say il loud apr\u00e8s quelques tentatives de cr\u00e9ation d\u2019identit\u00e9 en interne.<\/p>\n<p>Le cahier des charges \u00e9tait complexe puis qu\u2019il s\u2019agissait :<br \/>\n&#8211; d\u2019\u00eatre en rupture par rapport au secteur de l\u2019alimentation (couleurs, pictogrammes)<br \/>\n&#8211; de repr\u00e9senter le caract\u00e8re foisonnant, fou et \u00e9volutif du projet<br \/>\n&#8211; de proposer une identit\u00e9 facilement appropriable et reproductible par l\u2019\u00e9quipe au quotidien<br \/>\n&#8211; clairement identifiable vu la multiplicit\u00e9 des projets et des publics<br \/>\n&#8211; de rester inclusif (pouvoir \u00eatre identifi\u00e9 et lisible) pour l\u2019ensemble des publics y compris ceux plus \u00e9loign\u00e9s de l\u2019\u00e9crit[\/et_pb_text][et_pb_text _builder_version=\u00a0\u00bb4.27.4&Prime; _module_preset=\u00a0\u00bbdefault\u00a0\u00bb text_font=\u00a0\u00bbCormorant Garamond|700|||||||\u00a0\u00bb text_font_size=\u00a0\u00bb35px\u00a0\u00bb global_colors_info=\u00a0\u00bb{}\u00a0\u00bb]Prescriptions[\/et_pb_text][et_pb_text _builder_version=\u00a0\u00bb4.27.4&Prime; _module_preset=\u00a0\u00bbdefault\u00a0\u00bb text_font=\u00a0\u00bbCormorant Garamond||||||||\u00a0\u00bb text_font_size=\u00a0\u00bb17px\u00a0\u00bb global_colors_info=\u00a0\u00bb{}\u00a0\u00bb]Nous avons suivi plusieurs pistes avant de d\u00e9finir ensemble, avec le collectif, celle qui leur correspondait le mieux :<\/p>\n<p>&#8211; Cr\u00e9ation d\u2019un logo grille modulaire auquel pourra venir se greffer d\u2019autres axes du projets (des lieux comme la conserverie ou un ensemble de coop\u00e9rateurs)<br \/>\n&#8211; Une typographie dans le style suisse international : tr\u00e8s lisible &#038; libre de droits<br \/>\n&#8211; Int\u00e9gration de la baseline au logo grille<br \/>\n&#8211; Cr\u00e9ation d\u2019une trame quadrill\u00e9e qui marque de suite l\u2019identit\u00e9 : une feuille de cahier pour r\u00e9fl\u00e9chir ensemble, imaginer, construire, d\u00e9velopper.<br \/>\n&#8211; Dynamisation de la trame \u00e0 l\u2019aide de forme et d\u2019espace dans la maille (et lui donne plusieurs dimensions)<br \/>\n&#8211; Int\u00e9gration d\u2019un mauve p\u00e2le pour ponctuer les supports digitaux mais aussi afin de pouvoir imprimer sur papier pastel pour r\u00e9duire les frais d\u2019impression.<br \/>\n&#8211; Cr\u00e9ation d\u2019une s\u00e9rie de d\u00e9clinaisons : \u00e9tiquette conserverie, papier \u00e0 lettre, tampon encreur, bandeau \u00e9v\u00e9nementiel Facebook, etc.<br \/>\n&#8211; Cr\u00e9ation d\u2019un pack de communication (trame, trame dynamique, \u00e9l\u00e9ments graphiques) pour La ferme du Chaudron puisse d\u00e9j\u00e0 communiquer.<br \/>\n&#8211; Cr\u00e9ation d\u2019un plan de communication en mode ateliers participatifs<br \/>\n&#8211; Cr\u00e9ation du site internet multilingue (version n\u00e9erlandaise en cours de d\u00e9veloppement)[\/et_pb_text][et_pb_text _builder_version=\u00a0\u00bb4.27.4&Prime; _module_preset=\u00a0\u00bbdefault\u00a0\u00bb text_font=\u00a0\u00bbCormorant Garamond|700|||||||\u00a0\u00bb text_font_size=\u00a0\u00bb24px\u00a0\u00bb global_colors_info=\u00a0\u00bb{}\u00a0\u00bb]Pour l\u2019ouverture, diff\u00e9rents supports ont \u00e9galment \u00e9t\u00e9 d\u00e9velopp\u00e9[\/et_pb_text][et_pb_text _builder_version=\u00a0\u00bb4.27.4&Prime; _module_preset=\u00a0\u00bbdefault\u00a0\u00bb global_colors_info=\u00a0\u00bb{}\u00a0\u00bb]- Signal\u00e9tique ext\u00e9rieure<br \/>\n&#8211; Affiche d\u2019annonce pour l\u2019ouverture<br \/>\n&#8211; D\u00e9pliant explicatif du projet et de toutes ses facettes (d\u00e9pliant carr\u00e9 pour rappeler la trame) et un plan en page centrale<br \/>\n&#8211; Flyer et banni\u00e8re web pour l\u2019ouverture[\/et_pb_text][\/et_pb_column][\/et_pb_row][et_pb_row _builder_version=\u00a0\u00bb4.27.4&Prime; _module_preset=\u00a0\u00bbdefault\u00a0\u00bb global_colors_info=\u00a0\u00bb{}\u00a0\u00bb][et_pb_column type=\u00a0\u00bb4_4&Prime; _builder_version=\u00a0\u00bb4.27.4&Prime; _module_preset=\u00a0\u00bbdefault\u00a0\u00bb global_colors_info=\u00a0\u00bb{}\u00a0\u00bb][et_pb_text _builder_version=\u00a0\u00bb4.27.4&Prime; _module_preset=\u00a0\u00bbdefault\u00a0\u00bb text_font=\u00a0\u00bbCormorant Garamond|700|||||||\u00a0\u00bb text_font_size=\u00a0\u00bb35px\u00a0\u00bb global_colors_info=\u00a0\u00bb{}\u00a0\u00bb]Soins prodigu\u00e9s[\/et_pb_text][\/et_pb_column][\/et_pb_row][et_pb_row _builder_version=\u00a0\u00bb4.27.4&Prime; _module_preset=\u00a0\u00bbdefault\u00a0\u00bb global_colors_info=\u00a0\u00bb{}\u00a0\u00bb][et_pb_column type=\u00a0\u00bb4_4&Prime; _builder_version=\u00a0\u00bb4.27.4&Prime; _module_preset=\u00a0\u00bbdefault\u00a0\u00bb global_colors_info=\u00a0\u00bb{}\u00a0\u00bb][et_pb_gallery gallery_ids=\u00a0\u00bb231,232,233,234,235,238,239,237&Prime; posts_number=\u00a0\u00bb8&Prime; show_title_and_caption=\u00a0\u00bboff\u00a0\u00bb _builder_version=\u00a0\u00bb4.27.4&Prime; _module_preset=\u00a0\u00bbdefault\u00a0\u00bb global_colors_info=\u00a0\u00bb{}\u00a0\u00bb][\/et_pb_gallery][\/et_pb_column][\/et_pb_row][et_pb_row _builder_version=\u00a0\u00bb4.27.4&Prime; _module_preset=\u00a0\u00bbdefault\u00a0\u00bb global_colors_info=\u00a0\u00bb{}\u00a0\u00bb][et_pb_column type=\u00a0\u00bb4_4&Prime; _builder_version=\u00a0\u00bb4.27.4&Prime; _module_preset=\u00a0\u00bbdefault\u00a0\u00bb global_colors_info=\u00a0\u00bb{}\u00a0\u00bb][et_pb_text _builder_version=\u00a0\u00bb4.27.4&Prime; _module_preset=\u00a0\u00bbdefault\u00a0\u00bb text_font=\u00a0\u00bbCormorant Garamond|700|||||||\u00a0\u00bb text_font_size=\u00a0\u00bb75px\u00a0\u00bb custom_padding=\u00a0\u00bb65px|||||\u00a0\u00bb global_colors_info=\u00a0\u00bb{}\u00a0\u00bb]Belgobon[\/et_pb_text][\/et_pb_column][\/et_pb_row][\/et_pb_section][et_pb_section fb_built=\u00a0\u00bb1&Prime; _builder_version=\u00a0\u00bb4.27.4&Prime; _module_preset=\u00a0\u00bbdefault\u00a0\u00bb custom_padding=\u00a0\u00bb0px|||||\u00a0\u00bb global_colors_info=\u00a0\u00bb{}\u00a0\u00bb][et_pb_row column_structure=\u00a0\u00bb1_2,1_2&Prime; _builder_version=\u00a0\u00bb4.27.4&Prime; _module_preset=\u00a0\u00bbdefault\u00a0\u00bb global_colors_info=\u00a0\u00bb{}\u00a0\u00bb][et_pb_column type=\u00a0\u00bb1_2&Prime; _builder_version=\u00a0\u00bb4.27.4&Prime; _module_preset=\u00a0\u00bbdefault\u00a0\u00bb global_colors_info=\u00a0\u00bb{}\u00a0\u00bb][et_pb_text _builder_version=\u00a0\u00bb4.27.4&Prime; _module_preset=\u00a0\u00bbdefault\u00a0\u00bb text_font=\u00a0\u00bbCormorant Garamond|700|||||||\u00a0\u00bb text_font_size=\u00a0\u00bb35px\u00a0\u00bb global_colors_info=\u00a0\u00bb{}\u00a0\u00bb]Belgobon[\/et_pb_text][et_pb_text _builder_version=\u00a0\u00bb4.27.4&Prime; _module_preset=\u00a0\u00bbdefault\u00a0\u00bb text_font=\u00a0\u00bbCormorant Garamond||||||||\u00a0\u00bb text_font_size=\u00a0\u00bb17px\u00a0\u00bb global_colors_info=\u00a0\u00bb{}\u00a0\u00bb]Belgobon est un traiteur bruxellois destin\u00e9 aux entreprises et particuliers. L\u2019accent est mis sur des produits locaux, biologiques dans une d\u00e9marche \u00e9coresponsable.[\/et_pb_text][et_pb_text _builder_version=\u00a0\u00bb4.27.4&Prime; _module_preset=\u00a0\u00bbdefault\u00a0\u00bb text_font=\u00a0\u00bbCormorant Garamond|700|||||||\u00a0\u00bb text_font_size=\u00a0\u00bb30px\u00a0\u00bb global_colors_info=\u00a0\u00bb{}\u00a0\u00bb]Activit\u00e9s[\/et_pb_text][et_pb_text _builder_version=\u00a0\u00bb4.27.4&Prime; _module_preset=\u00a0\u00bbdefault\u00a0\u00bb text_font=\u00a0\u00bbCormorant Garamond||||||||\u00a0\u00bb text_font_size=\u00a0\u00bb17px\u00a0\u00bb global_colors_info=\u00a0\u00bb{}\u00a0\u00bb]Traiteur pour \u00e9v\u00e9nements d\u2019entreprise et pour particuliers. Belgobon propose \u00e9galement un traiteur sur roue ainsi qu\u2019une \u00e9picerie bio proposant des produits locaux et faits maison.[\/et_pb_text][et_pb_text _builder_version=\u00a0\u00bb4.27.4&Prime; _module_preset=\u00a0\u00bbdefault\u00a0\u00bb text_font=\u00a0\u00bbCormorant Garamond|700|||||||\u00a0\u00bb text_font_size=\u00a0\u00bb30px\u00a0\u00bb global_colors_info=\u00a0\u00bb{}\u00a0\u00bb]Philosophie[\/et_pb_text][et_pb_text _builder_version=\u00a0\u00bb4.27.4&Prime; _module_preset=\u00a0\u00bbdefault\u00a0\u00bb text_font=\u00a0\u00bbCormorant Garamond||||||||\u00a0\u00bb text_font_size=\u00a0\u00bb17px\u00a0\u00bb global_colors_info=\u00a0\u00bb{}\u00a0\u00bb]Proposer une alimentation saine, savoureuse et responsable, accessible \u00e0 toustes, tout en r\u00e9duisant l\u2019impact sur l\u2019environnement et en soutenant l\u2019agriculture locale.[\/et_pb_text][et_pb_text _builder_version=\u00a0\u00bb4.27.4&Prime; _module_preset=\u00a0\u00bbdefault\u00a0\u00bb text_font=\u00a0\u00bbCormorant Garamond|700|||||||\u00a0\u00bb text_font_size=\u00a0\u00bb30px\u00a0\u00bb global_colors_info=\u00a0\u00bb{}\u00a0\u00bb]Nouveau site internet[\/et_pb_text][et_pb_text _builder_version=\u00a0\u00bb4.27.4&Prime; _module_preset=\u00a0\u00bbdefault\u00a0\u00bb text_font=\u00a0\u00bbCormorant Garamond||||||||\u00a0\u00bb text_text_color=\u00a0\u00bb#0C71C3&Prime; text_font_size=\u00a0\u00bb17px\u00a0\u00bb global_colors_info=\u00a0\u00bb{}\u00a0\u00bb]https:\/\/belgobon.eu\/[\/et_pb_text][et_pb_text _builder_version=\u00a0\u00bb4.27.4&Prime; _module_preset=\u00a0\u00bbdefault\u00a0\u00bb text_font=\u00a0\u00bbCormorant Garamond|700|||||||\u00a0\u00bb text_font_size=\u00a0\u00bb30px\u00a0\u00bb global_colors_info=\u00a0\u00bb{}\u00a0\u00bb]Le logo avant &#038; apr\u00e8s[\/et_pb_text][et_pb_image src=\u00a0\u00bbhttps:\/\/cms2515.commu.isfsc.be\/wp-content\/uploads\/2025\/12\/Belgobon-nouvelle-version-logo-scaled-1.jpg\u00a0\u00bb title_text=\u00a0\u00bbBelgobon-nouvelle-version-logo-scaled\u00a0\u00bb _builder_version=\u00a0\u00bb4.27.4&Prime; _module_preset=\u00a0\u00bbdefault\u00a0\u00bb global_colors_info=\u00a0\u00bb{}\u00a0\u00bb][\/et_pb_image][\/et_pb_column][et_pb_column type=\u00a0\u00bb1_2&Prime; _builder_version=\u00a0\u00bb4.27.4&Prime; _module_preset=\u00a0\u00bbdefault\u00a0\u00bb global_colors_info=\u00a0\u00bb{}\u00a0\u00bb][et_pb_text _builder_version=\u00a0\u00bb4.27.4&Prime; _module_preset=\u00a0\u00bbdefault\u00a0\u00bb text_font=\u00a0\u00bbCormorant Garamond|700|||||||\u00a0\u00bb text_font_size=\u00a0\u00bb35px\u00a0\u00bb global_colors_info=\u00a0\u00bb{}\u00a0\u00bb]Contexte &#038; Sympt\u00f4mes[\/et_pb_text][et_pb_text _builder_version=\u00a0\u00bb4.27.4&Prime; _module_preset=\u00a0\u00bbdefault\u00a0\u00bb text_font=\u00a0\u00bbCormorant Garamond||||||||\u00a0\u00bb text_font_size=\u00a0\u00bb17px\u00a0\u00bb global_colors_info=\u00a0\u00bb{}\u00a0\u00bb]Belgobon nous a contact\u00e9 via Mingle Food (agence de consultance food et durable) pour repenser compl\u00e8tement son site internet et donner un coup de boost \u00e0 son identit\u00e9 visuelle.<\/p>\n<p>L\u2019objectif \u00e9tait multiple :<br \/>\n&#8211; Moderniser le site pour qu\u2019il refl\u00e8te mieux l\u2019\u00e9nergie et les valeurs de Belgobon.<br \/>\n&#8211; Faciliter l\u2019exp\u00e9rience utilisateur et la navigation pour les client\u00b7es professionnel\u00b7les et particuliers.<br \/>\n&#8211; Dynamiser la communication visuelle pour rendre la marque plus reconnaissable et vivante.[\/et_pb_text][et_pb_text _builder_version=\u00a0\u00bb4.27.4&Prime; _module_preset=\u00a0\u00bbdefault\u00a0\u00bb text_font=\u00a0\u00bbCormorant Garamond|700|||||||\u00a0\u00bb text_font_size=\u00a0\u00bb30px\u00a0\u00bb global_colors_info=\u00a0\u00bb{}\u00a0\u00bb]Contraintes[\/et_pb_text][et_pb_text _builder_version=\u00a0\u00bb4.27.4&Prime; _module_preset=\u00a0\u00bbdefault\u00a0\u00bb text_font=\u00a0\u00bbCormorant Garamond||||||||\u00a0\u00bb text_font_size=\u00a0\u00bb17px\u00a0\u00bb global_colors_info=\u00a0\u00bb{}\u00a0\u00bb]- L\u2019\u00e9quipe d\u00e9sirait conserver leur logo et donner un coup de fraicheur et de modernit\u00e9.<br \/>\n&#8211; Proposer un site l\u00e9ger, sans surcharge technique pour r\u00e9pondre aux valeurs d\u2019\u00e9co-responsabilit\u00e9<br \/>\n&#8211; R\u00e9aliser l\u2019ensemble durant la p\u00e9riode creuse d\u2019\u00e9t\u00e9 afin d\u2019optimiser le r\u00e9f\u00e9rencement pour la reprise d\u2019activit\u00e9.[\/et_pb_text][et_pb_text _builder_version=\u00a0\u00bb4.27.4&Prime; _module_preset=\u00a0\u00bbdefault\u00a0\u00bb text_font=\u00a0\u00bbCormorant Garamond|700|||||||\u00a0\u00bb text_font_size=\u00a0\u00bb35px\u00a0\u00bb global_colors_info=\u00a0\u00bb{}\u00a0\u00bb]Prescriptions[\/et_pb_text][et_pb_text _builder_version=\u00a0\u00bb4.27.4&Prime; _module_preset=\u00a0\u00bbdefault\u00a0\u00bb text_font=\u00a0\u00bbCormorant Garamond||||||||\u00a0\u00bb text_font_size=\u00a0\u00bb17px\u00a0\u00bb global_colors_info=\u00a0\u00bb{}\u00a0\u00bb]- Refonte compl\u00e8te du site : nouvelle structure, contenus r\u00e9organis\u00e9s, design moderne et engageant pour mettre en avant les services, la cuisine et les valeurs de Belgobon.<\/p>\n<p>&#8211; Dynamisation de l\u2019identit\u00e9 visuelle : couleurs plus vives, typographie plus impactante, logo conserv\u00e9 mais \u201cvitamin\u00e9\u201d pour refl\u00e9ter la personnalit\u00e9 et l\u2019\u00e9nergie de la marque.<\/p>\n<p>&#8211; Optimisation de l\u2019exp\u00e9rience utilisateurice : mise en valeur des produits, services et valeurs \u00e9coresponsables \u00e0 travers une exp\u00e9rience utilisateur fluide et intuitive.<br \/>\nvery aspect of this content in the module Design settings and even apply custom CSS to this text in the module Advanced settings.<\/p>\n<p>[\/et_pb_text][et_pb_text _builder_version=\u00a0\u00bb4.27.4&Prime; _module_preset=\u00a0\u00bbdefault\u00a0\u00bb text_font=\u00a0\u00bbCormorant Garamond|700|||||||\u00a0\u00bb text_font_size=\u00a0\u00bb30px\u00a0\u00bb global_colors_info=\u00a0\u00bb{}\u00a0\u00bb]Les supports r\u00e9alis\u00e9s[\/et_pb_text][et_pb_text _builder_version=\u00a0\u00bb4.27.4&Prime; _module_preset=\u00a0\u00bbdefault\u00a0\u00bb text_font=\u00a0\u00bbCormorant Garamond||||||||\u00a0\u00bb text_font_size=\u00a0\u00bb17px\u00a0\u00bb global_colors_info=\u00a0\u00bb{}\u00a0\u00bb]- Lifting de l\u2019identit\u00e9 visuelle<br \/>\n&#8211; Cr\u00e9ation d\u2019un site internet : structure, navigation<br \/>\n&#8211; Optimisation du site (SEO)<br \/>\n&#8211; Formation \u00e0 la gestion du site (WordPress)[\/et_pb_text][\/et_pb_column][\/et_pb_row][et_pb_row _builder_version=\u00a0\u00bb4.27.4&Prime; _module_preset=\u00a0\u00bbdefault\u00a0\u00bb global_colors_info=\u00a0\u00bb{}\u00a0\u00bb][et_pb_column type=\u00a0\u00bb4_4&Prime; _builder_version=\u00a0\u00bb4.27.4&Prime; _module_preset=\u00a0\u00bbdefault\u00a0\u00bb global_colors_info=\u00a0\u00bb{}\u00a0\u00bb][et_pb_text _builder_version=\u00a0\u00bb4.27.4&Prime; _module_preset=\u00a0\u00bbdefault\u00a0\u00bb text_font=\u00a0\u00bbCormorant Garamond|700|||||||\u00a0\u00bb text_font_size=\u00a0\u00bb35px\u00a0\u00bb global_colors_info=\u00a0\u00bb{}\u00a0\u00bb]Soins prodigu\u00e9s[\/et_pb_text][\/et_pb_column][\/et_pb_row][et_pb_row _builder_version=\u00a0\u00bb4.27.4&Prime; _module_preset=\u00a0\u00bbdefault\u00a0\u00bb global_colors_info=\u00a0\u00bb{}\u00a0\u00bb][et_pb_column type=\u00a0\u00bb4_4&Prime; _builder_version=\u00a0\u00bb4.27.4&Prime; _module_preset=\u00a0\u00bbdefault\u00a0\u00bb global_colors_info=\u00a0\u00bb{}\u00a0\u00bb][et_pb_gallery gallery_ids=\u00a0\u00bb249,250&Prime; posts_number=\u00a0\u00bb2&Prime; show_title_and_caption=\u00a0\u00bboff\u00a0\u00bb _builder_version=\u00a0\u00bb4.27.4&Prime; _module_preset=\u00a0\u00bbdefault\u00a0\u00bb global_colors_info=\u00a0\u00bb{}\u00a0\u00bb][\/et_pb_gallery][\/et_pb_column][\/et_pb_row][\/et_pb_section]<\/p>\n","protected":false},"excerpt":{"rendered":"<p>Bister c&rsquo;est d&rsquo;la BombeBisterQualit\u00e9, tradition, famille et belgitude\u2026 Depuis 1926, ils portent fi\u00e8rement leurs valeurs qui ont contribu\u00e9 \u00e0 b\u00e2tir la r\u00e9putation de Bister. T\u00e9moin d\u2019un savoir-faire transmis \u00e0 travers les g\u00e9n\u00e9rations, leur gamme de moutardes, sauces et piccalillis est solidement ancr\u00e9e dans le paysage culinaire et culturel belge\u2026 et dans le frigo de tous [&hellip;]<\/p>\n","protected":false},"author":5,"featured_media":0,"parent":0,"menu_order":0,"comment_status":"closed","ping_status":"closed","template":"","meta":{"_et_pb_use_builder":"on","_et_pb_old_content":"","_et_gb_content_width":"","footnotes":""},"class_list":["post-78","page","type-page","status-publish","hentry"],"_links":{"self":[{"href":"https:\/\/cms2515.commu.isfsc.be\/index.php\/wp-json\/wp\/v2\/pages\/78","targetHints":{"allow":["GET"]}}],"collection":[{"href":"https:\/\/cms2515.commu.isfsc.be\/index.php\/wp-json\/wp\/v2\/pages"}],"about":[{"href":"https:\/\/cms2515.commu.isfsc.be\/index.php\/wp-json\/wp\/v2\/types\/page"}],"author":[{"embeddable":true,"href":"https:\/\/cms2515.commu.isfsc.be\/index.php\/wp-json\/wp\/v2\/users\/5"}],"replies":[{"embeddable":true,"href":"https:\/\/cms2515.commu.isfsc.be\/index.php\/wp-json\/wp\/v2\/comments?post=78"}],"version-history":[{"count":17,"href":"https:\/\/cms2515.commu.isfsc.be\/index.php\/wp-json\/wp\/v2\/pages\/78\/revisions"}],"predecessor-version":[{"id":293,"href":"https:\/\/cms2515.commu.isfsc.be\/index.php\/wp-json\/wp\/v2\/pages\/78\/revisions\/293"}],"wp:attachment":[{"href":"https:\/\/cms2515.commu.isfsc.be\/index.php\/wp-json\/wp\/v2\/media?parent=78"}],"curies":[{"name":"wp","href":"https:\/\/api.w.org\/{rel}","templated":true}]}}